{"id":1042,"date":"2023-08-24T11:24:33","date_gmt":"2023-08-24T11:24:33","guid":{"rendered":"https:\/\/shiatsugirona.com\/?page_id=1042"},"modified":"2024-11-08T11:48:38","modified_gmt":"2024-11-08T11:48:38","slug":"avis-legal","status":"publish","type":"page","link":"https:\/\/shiatsugirona.com\/ca\/avis-legal\/","title":{"rendered":"Av\u00eds Legal"},"content":{"rendered":"<div class=\"fusion-fullwidth fullwidth-box fusion-builder-row-1 fusion-flex-container nonhundred-percent-fullwidth non-hundred-percent-height-scrolling\" style=\"--awb-border-radius-top-left:0px;--awb-border-radius-top-right:0px;--awb-border-radius-bottom-right:0px;--awb-border-radius-bottom-left:0px;--awb-flex-wrap:wrap;\" ><div class=\"fusion-builder-row fusion-row fusion-flex-align-items-flex-start fusion-flex-content-wrap\" style=\"max-width:1216.8px;margin-left: calc(-4% \/ 2 );margin-right: calc(-4% \/ 2 );\"><div class=\"fusion-layout-column fusion_builder_column fusion-builder-column-0 fusion_builder_column_1_1 1_1 fusion-flex-column\" style=\"--awb-bg-blend:overlay;--awb-bg-size:cover;--awb-width-large:100%;--awb-margin-top-large:0px;--awb-spacing-right-large:1.92%;--awb-margin-bottom-large:0px;--awb-spacing-left-large:1.92%;--awb-width-medium:100%;--awb-spacing-right-medium:1.92%;--awb-spacing-left-medium:1.92%;--awb-width-small:100%;--awb-spacing-right-small:1.92%;--awb-spacing-left-small:1.92%;\"><div class=\"fusion-column-wrapper fusion-flex-justify-content-flex-start fusion-content-layout-column\"><div class=\"fusion-title title fusion-title-1 fusion-sep-none fusion-title-text fusion-title-size-one\" style=\"--awb-margin-bottom:30px;--awb-margin-top-small:0px;--awb-margin-right-small:0px;--awb-margin-bottom-small:20px;--awb-margin-left-small:0px;\"><h1 class=\"fusion-title-heading title-heading-left\" style=\"margin:0;\">Av\u00eds Legal<\/h1><\/div><div class=\"fusion-text fusion-text-1\"><p>Aquesta p\u00e0gina Web \u00e9s propietat de XAVIER SAN I DALMAU, amb NIF n\u00ba 40341396V i domicili al c\/ Sant Gregori 130 ( 17007 Girona ).<\/p>\n<p>Per a qualsevol consulta o proposta, contacteu-nos trucant al tel\u00e8fon 620 84 66 11 oa l&#8217;e-mail xavier.shiatsu@gmail.com.<\/p>\n<p>Aquesta p\u00e0gina web es regeix per la normativa exclusivament aplicable a Espanya, quedant-hi sotmesa, tant nacionals com estrangers que utilitzin aquesta web.<\/p>\n<p>L\u00b4acc\u00e9s a la nostra p\u00e0gina web per part de la PERSONA USU\u00c0RIA \u00e9s gratu\u00eft i el seu \u00fas es regeix per les condicions d\u00b4\u00fas vigents en el moment de l\u00b4acc\u00e9s, que preguem llegiu detingudament. Si la PERSONA USU\u00c0RIA no estigu\u00e9s d&#8217;acord amb les presents condicions d&#8217;\u00fas, s&#8217;haur\u00e0 d&#8217;abstenir d&#8217;utilitzar aquest portal i operar per mitj\u00e0 d&#8217;aquest, podent contactar amb nosaltres perqu\u00e8 us resolguem qualsevol dubte en relaci\u00f3 amb aquestes.<\/p>\n<p>El subministrament de dades personals i la compra de productes a trav\u00e9s del nostre portal requereix una edat m\u00ednima de 14 anys, o si escau, disposar de capacitat jur\u00eddica suficient per contractar.<\/p>\n<p>En qualsevol moment podrem modificar la presentaci\u00f3 i configuraci\u00f3 de la nostra web, ampliar o reduir serveis, i fins i tot suprimir-la de la xarxa, aix\u00ed com els serveis i continguts prestats.<\/p>\n<p>&nbsp;<\/p>\n<\/div><div class=\"fusion-title title fusion-title-2 fusion-sep-none fusion-title-text fusion-title-size-three\" style=\"--awb-margin-top-small:0px;--awb-margin-right-small:0px;--awb-margin-bottom-small:20px;--awb-margin-left-small:0px;\"><h3 class=\"fusion-title-heading title-heading-left\" style=\"margin:0;\">A. PROPIETAT INTEL\u00b7LECTUAL<\/h3><\/div><div class=\"fusion-text fusion-text-2\"><p>Tots els continguts, textos, imatges i codis font s\u00f3n propietat de XAVIER SAN I DALMAU o de tercers als quals s&#8217;han adquirit els seus drets d&#8217;explotaci\u00f3 i estan protegits pels drets de propietat intel\u00b7lectual i industrial.<\/p>\n<p>La PERSONA USU\u00c0RIA \u00fanicament t\u00e9 dret a un \u00fas privat dels mateixos, sense \u00e0nim de lucre, i necessita autoritzaci\u00f3 expressa per modificar-los, reproduir-los, explotar-los, distribuir-los o exercir qualsevol dret pertanyent al titular.<\/p>\n<p>XAVIER SAN I DALMAU \u00e9s una marca registrada, i n&#8217;est\u00e0 prohibida la reproducci\u00f3, imitaci\u00f3, utilitzaci\u00f3 o inserci\u00f3 d&#8217;aquestes marques sense la nostra deguda autoritzaci\u00f3.<\/p>\n<p>L&#8217;establiment d&#8217;enlla\u00e7os al nostre portal no hi confereix cap dret. Aix\u00ed mateix, el simple fet destablir un enlla\u00e7 a la nostra p\u00e0gina web no d\u00f3na dret a atorgar-se la categoria de col\u00b7laborador o soci.<\/p>\n<p>XAVIER SAN I DALMAU queda exonerat de responsabilitat per qualsevol reclamaci\u00f3 respecte als drets de propietat intel\u00b7lectual dels articles i imatges publicades per tercers al portal.<\/p>\n<p>Est\u00e0 absolutament prohibida la imitaci\u00f3 ja sigui total o parcial del nostre portal o lestabliment denlla\u00e7os a la nostra p\u00e0gina web sense lautoritzaci\u00f3 pr\u00e8via de XAVIER SAN I DALMAU.<\/p>\n<p>&nbsp;<\/p>\n<\/div><div class=\"fusion-title title fusion-title-3 fusion-sep-none fusion-title-text fusion-title-size-three\" style=\"--awb-margin-top-small:0px;--awb-margin-right-small:0px;--awb-margin-bottom-small:20px;--awb-margin-left-small:0px;\"><h3 class=\"fusion-title-heading title-heading-left\" style=\"margin:0;\">B. CONDICIONS D&#8217;ACC\u00c9S I \u00daS<\/h3><\/div><div class=\"fusion-text fusion-text-3\"><div>\n<p>L&#8217;acc\u00e9s a la nostra p\u00e0gina web \u00e9s gratu\u00eft i no exigeix subscripci\u00f3 o registre previ. Tot i aix\u00f2, determinats serveis s\u00f3n d&#8217;acc\u00e9s restringit a determinades PERSONES USU\u00c0RIES i requereixen haver realitzat un proc\u00e9s de registre i\/o la identificaci\u00f3 mitjan\u00e7ant contrasenyes. Aquests serveis quedaran degudament identificats a la Web.<\/p>\n<p>L&#8217;enviament de dades personals implica l&#8217;acceptaci\u00f3 expressa per part de la PERSONA USU\u00c0RIA de la nostra pol\u00edtica de privadesa.<\/p>\n<p>La PERSONA USU\u00c0RIA ha d&#8217;accedir a la nostra p\u00e0gina Web d&#8217;acord amb la bona fe, les normes d&#8217;ordre p\u00fablic i les presents Condicions Generals d&#8217;\u00fas. L&#8217;acc\u00e9s al nostre lloc web es fa sota la pr\u00f2pia i exclusiva responsabilitat de la PERSONA USU\u00c0RIA, que respondr\u00e0 en tot cas dels danys i perjudicis que pugui causar a tercers oa nosaltres mateixos.<\/p>\n<p>La PERSONA USU\u00c0RIA t\u00e9 expressament prohibida la utilitzaci\u00f3 i l&#8217;obtenci\u00f3 dels serveis, productes i continguts oferts a la present p\u00e0gina web, per procediments diferents dels estipulats en les presents condicions d&#8217;\u00fas i, si escau, en les condicions particulars que regulin l&#8217;adquisici\u00f3 de determinats productes.<\/p>\n<p>La PERSONA USU\u00c0RIA t\u00e9 prohibit qualsevol tipus d&#8217;acci\u00f3 sobre el nostre portal que origini una excessiva sobrec\u00e0rrega de funcionament als nostres sistemes inform\u00e0tics, aix\u00ed com la introducci\u00f3 de virus, o instal\u00b7laci\u00f3 de robots, o programari que alteri el funcionament normal del nostre web, o en definitiva pugui causar danys als nostres sistemes inform\u00e0tics.<\/p>\n<p>Tenint en compte la dificultat de control respecte a la informaci\u00f3, continguts i serveis que continguin p\u00e0gines web de tercers disponibles des de la nostra p\u00e0gina web, us comuniquem que XAVIER SAN I DALMAU, no se&#8217;n fa responsable, sense perjudici que intentar\u00e0, a la mesura del possible, vetllar per la seva legalitat.<\/p>\n<p>XAVIER SAN I DALMAU es reserva el dret a donar de baixa qualsevol PERSONA USU\u00c0RIA que l&#8217;organitzaci\u00f3 entengui que ha vulnerat les condicions que regeixen l&#8217;\u00fas de la nostra p\u00e0gina web. Aix\u00ed mateix, es reserva el dret d&#8217;exercitar les accions legals oportunes contra aquells que vulnerin aquestes condicions generals d&#8217;\u00fas.<\/p>\n<p>&nbsp;<\/p>\n<\/div>\n<\/div><div class=\"fusion-title title fusion-title-4 fusion-sep-none fusion-title-text fusion-title-size-three\" style=\"--awb-margin-top-small:0px;--awb-margin-right-small:0px;--awb-margin-bottom-small:20px;--awb-margin-left-small:0px;\"><h3 class=\"fusion-title-heading title-heading-left\" style=\"margin:0;\">C. POL\u00cdTICA DE PRIVACITAT<\/h3><\/div><div class=\"fusion-text fusion-text-4\"><p>La confidencialitat i la seguretat s\u00f3n valors primordials de XAVIER SAN I DALMAU i, en conseq\u00fc\u00e8ncia, assumim el comprom\u00eds de garantir la privadesa de la PERSONA USU\u00c0RIA en tot moment i de no demanar informaci\u00f3 innecess\u00e0ria.<\/p>\n<p>El subministrament de dades personals a trav\u00e9s del nostre portal requereix una edat m\u00ednima de 14 anys i l&#8217;acceptaci\u00f3 expressa de la nostra Pol\u00edtica de Privadesa.<\/p>\n<p>&nbsp;<\/p>\n<\/div><div class=\"fusion-title title fusion-title-5 fusion-sep-none fusion-title-text fusion-title-size-three\" style=\"--awb-margin-top-small:0px;--awb-margin-right-small:0px;--awb-margin-bottom-small:20px;--awb-margin-left-small:0px;\"><h3 class=\"fusion-title-heading title-heading-left\" style=\"margin:0;\">D. RESPONSABILITATS<\/p>\n<p>&nbsp;<\/p><\/h3><\/div><div class=\"fusion-text fusion-text-5\"><div>\n<p>En posar a disposici\u00f3 de la PERSONA USU\u00c0RIA aquesta p\u00e0gina web volem oferir-vos un servei de qualitat, utilitzant la m\u00e0xima dilig\u00e8ncia en la prestaci\u00f3 del mateix, aix\u00ed com en els mitjans tecnol\u00f2gics utilitzats. Tot i aix\u00f2, XAVIER SAN I DALMAU no garanteix que la disponibilitat del servei sigui cont\u00ednua i ininterrompuda, per circumst\u00e0ncies originades per problemes a la xarxa d&#8217;Internet, avaries en els dispositius inform\u00e0tics o altres circumst\u00e0ncies imprevisibles, de manera que la PERSONA USU\u00c0RIA accepta suportar dins de uns l\u00edmits raonables aquestes circumst\u00e0ncies.<\/p>\n<p>Aquesta p\u00e0gina web, excepte all\u00f2 regulat, si escau, per algunes condicions d&#8217;\u00fas espec\u00edfiques, \u00e9s purament informativa i de presentaci\u00f3 corporativa dels nostres productes i serveis, per la qual cosa XAVIER SAN I DALMAU no es responsabilitza per les expectatives de qualsevol tipus que pugui generar la PERSONA USU\u00c0RIA.<\/p>\n<p>Tot all\u00f2 referent a la nostra p\u00e0gina web, es regeix exclusivament per les lleis espanyoles. En cas que es produeixi qualsevol tipus de discrep\u00e0ncia o difer\u00e8ncia entre les parts en relaci\u00f3 amb la interpretaci\u00f3 i contingut de la present p\u00e0gina web, totes les parts se sotmeten als Jutjats i Tribunals que legalment corresponguin.<\/p>\n<p>&nbsp;<\/p>\n<\/div>\n<\/div><div class=\"fusion-title title fusion-title-6 fusion-sep-none fusion-title-text fusion-title-size-three\" style=\"--awb-margin-top-small:0px;--awb-margin-right-small:0px;--awb-margin-bottom-small:20px;--awb-margin-left-small:0px;\"><h3 class=\"fusion-title-heading title-heading-left\" style=\"margin:0;\">E. VIG\u00c8NCIA DE LES CONDICIONS GENERALS D&#8217;ACC\u00c9S A LA WEB<\/h3><\/div><div class=\"fusion-text fusion-text-6\"><p>Aquestes Condicions Generals d&#8217;\u00das han estat modificades amb data 20\/07\/2023 a. En qualsevol moment podem procedir a la seva modificaci\u00f3: si us plau, comproveu la data d&#8217;emissi\u00f3 en cada ocasi\u00f3 en qu\u00e8 es connecti a la nostra p\u00e0gina web i aix\u00ed tindr\u00e0 la certesa que no s&#8217;ha produ\u00eft cap modificaci\u00f3 que l&#8217;afecti.<\/p>\n<p>Per a qualsevol q\u00fcesti\u00f3 respecte a les Condicions d&#8217;\u00das de la nostra p\u00e0gina web, podeu posar-vos en contacte amb nosaltres en les dades a dalt indicades, o amb Lant Advocats a info@lant-abogados.com o a <a href=\"https:\/\/www.lant-advocats. com\/.\" target=\"_blank\" rel=\"noopener noreferrer\">https:\/\/www.lant-advocats. com\/.<\/a><\/p>\n<\/div><\/div><\/div><\/div><\/div>\n","protected":false},"excerpt":{"rendered":"","protected":false},"author":2,"featured_media":0,"parent":0,"menu_order":110,"comment_status":"closed","ping_status":"closed","template":"","meta":{"footnotes":""},"class_list":["post-1042","page","type-page","status-publish","hentry"],"yoast_head":"<!-- This site is optimized with the Yoast SEO plugin v27.4 - https:\/\/yoast.com\/product\/yoast-seo-wordpress\/ -->\n<title>Av\u00eds Legal - Shiatsu Girona<\/title>\n<meta name=\"robots\" content=\"noindex, nofollow\" \/>\n<meta property=\"og:locale\" content=\"ca_ES\" \/>\n<meta property=\"og:type\" content=\"article\" \/>\n<meta property=\"og:title\" content=\"Av\u00eds Legal - Shiatsu Girona\" \/>\n<meta property=\"og:url\" content=\"https:\/\/shiatsugirona.com\/ca\/avis-legal\/\" \/>\n<meta property=\"og:site_name\" content=\"Shiatsu Girona\" \/>\n<meta property=\"article:modified_time\" content=\"2024-11-08T11:48:38+00:00\" \/>\n<meta name=\"twitter:card\" content=\"summary_large_image\" \/>\n<meta name=\"twitter:label1\" content=\"Temps estimat de lectura\" \/>\n\t<meta name=\"twitter:data1\" content=\"6 minuts\" \/>\n<script type=\"application\/ld+json\" class=\"yoast-schema-graph\">{\"@context\":\"https:\\\/\\\/schema.org\",\"@graph\":[{\"@type\":\"WebPage\",\"@id\":\"https:\\\/\\\/shiatsugirona.com\\\/ca\\\/avis-legal\\\/\",\"url\":\"https:\\\/\\\/shiatsugirona.com\\\/ca\\\/avis-legal\\\/\",\"name\":\"Av\u00eds Legal - Shiatsu Girona\",\"isPartOf\":{\"@id\":\"https:\\\/\\\/shiatsugirona.com\\\/ca\\\/#website\"},\"datePublished\":\"2023-08-24T11:24:33+00:00\",\"dateModified\":\"2024-11-08T11:48:38+00:00\",\"breadcrumb\":{\"@id\":\"https:\\\/\\\/shiatsugirona.com\\\/ca\\\/avis-legal\\\/#breadcrumb\"},\"inLanguage\":\"ca\",\"potentialAction\":[{\"@type\":\"ReadAction\",\"target\":[\"https:\\\/\\\/shiatsugirona.com\\\/ca\\\/avis-legal\\\/\"]}]},{\"@type\":\"BreadcrumbList\",\"@id\":\"https:\\\/\\\/shiatsugirona.com\\\/ca\\\/avis-legal\\\/#breadcrumb\",\"itemListElement\":[{\"@type\":\"ListItem\",\"position\":1,\"name\":\"Portada\",\"item\":\"https:\\\/\\\/shiatsugirona.com\\\/ca\\\/\"},{\"@type\":\"ListItem\",\"position\":2,\"name\":\"Av\u00eds Legal\"}]},{\"@type\":\"WebSite\",\"@id\":\"https:\\\/\\\/shiatsugirona.com\\\/ca\\\/#website\",\"url\":\"https:\\\/\\\/shiatsugirona.com\\\/ca\\\/\",\"name\":\"Shiatsu Girona\",\"description\":\"Massatges i Benestar a Girona\",\"potentialAction\":[{\"@type\":\"SearchAction\",\"target\":{\"@type\":\"EntryPoint\",\"urlTemplate\":\"https:\\\/\\\/shiatsugirona.com\\\/ca\\\/?s={search_term_string}\"},\"query-input\":{\"@type\":\"PropertyValueSpecification\",\"valueRequired\":true,\"valueName\":\"search_term_string\"}}],\"inLanguage\":\"ca\"}]}<\/script>\n<!-- \/ Yoast SEO plugin. -->","yoast_head_json":{"title":"Av\u00eds Legal - Shiatsu Girona","robots":{"index":"noindex","follow":"nofollow"},"og_locale":"ca_ES","og_type":"article","og_title":"Av\u00eds Legal - Shiatsu Girona","og_url":"https:\/\/shiatsugirona.com\/ca\/avis-legal\/","og_site_name":"Shiatsu Girona","article_modified_time":"2024-11-08T11:48:38+00:00","twitter_card":"summary_large_image","twitter_misc":{"Temps estimat de lectura":"6 minuts"},"schema":{"@context":"https:\/\/schema.org","@graph":[{"@type":"WebPage","@id":"https:\/\/shiatsugirona.com\/ca\/avis-legal\/","url":"https:\/\/shiatsugirona.com\/ca\/avis-legal\/","name":"Av\u00eds Legal - Shiatsu Girona","isPartOf":{"@id":"https:\/\/shiatsugirona.com\/ca\/#website"},"datePublished":"2023-08-24T11:24:33+00:00","dateModified":"2024-11-08T11:48:38+00:00","breadcrumb":{"@id":"https:\/\/shiatsugirona.com\/ca\/avis-legal\/#breadcrumb"},"inLanguage":"ca","potentialAction":[{"@type":"ReadAction","target":["https:\/\/shiatsugirona.com\/ca\/avis-legal\/"]}]},{"@type":"BreadcrumbList","@id":"https:\/\/shiatsugirona.com\/ca\/avis-legal\/#breadcrumb","itemListElement":[{"@type":"ListItem","position":1,"name":"Portada","item":"https:\/\/shiatsugirona.com\/ca\/"},{"@type":"ListItem","position":2,"name":"Av\u00eds Legal"}]},{"@type":"WebSite","@id":"https:\/\/shiatsugirona.com\/ca\/#website","url":"https:\/\/shiatsugirona.com\/ca\/","name":"Shiatsu Girona","description":"Massatges i Benestar a Girona","potentialAction":[{"@type":"SearchAction","target":{"@type":"EntryPoint","urlTemplate":"https:\/\/shiatsugirona.com\/ca\/?s={search_term_string}"},"query-input":{"@type":"PropertyValueSpecification","valueRequired":true,"valueName":"search_term_string"}}],"inLanguage":"ca"}]}},"_links":{"self":[{"href":"https:\/\/shiatsugirona.com\/ca\/wp-json\/wp\/v2\/pages\/1042","targetHints":{"allow":["GET"]}}],"collection":[{"href":"https:\/\/shiatsugirona.com\/ca\/wp-json\/wp\/v2\/pages"}],"about":[{"href":"https:\/\/shiatsugirona.com\/ca\/wp-json\/wp\/v2\/types\/page"}],"author":[{"embeddable":true,"href":"https:\/\/shiatsugirona.com\/ca\/wp-json\/wp\/v2\/users\/2"}],"replies":[{"embeddable":true,"href":"https:\/\/shiatsugirona.com\/ca\/wp-json\/wp\/v2\/comments?post=1042"}],"version-history":[{"count":3,"href":"https:\/\/shiatsugirona.com\/ca\/wp-json\/wp\/v2\/pages\/1042\/revisions"}],"predecessor-version":[{"id":1045,"href":"https:\/\/shiatsugirona.com\/ca\/wp-json\/wp\/v2\/pages\/1042\/revisions\/1045"}],"wp:attachment":[{"href":"https:\/\/shiatsugirona.com\/ca\/wp-json\/wp\/v2\/media?parent=1042"}],"curies":[{"name":"wp","href":"https:\/\/api.w.org\/{rel}","templated":true}]}}